{"id":2088,"date":"2023-01-02T16:45:13","date_gmt":"2023-01-02T15:45:13","guid":{"rendered":"https:\/\/niejestemzcukru.pl\/sklep\/?post_type=product&#038;p=2088"},"modified":"2026-02-12T13:51:10","modified_gmt":"2026-02-12T12:51:10","slug":"babeczki-marchewkowe","status":"publish","type":"product","link":"https:\/\/niejestemzcukru.pl\/sklep\/produkt\/babeczki-marchewkowe\/","title":{"rendered":"Babeczki marchewkowe 6 szt."},"content":{"rendered":"<p>Pyszne puszyste babeczki w rozmiarze xl o smaku marchewkowym z kremem i czekolad\u0105. Przykryte puszyst\u0105 chmurk\u0105 z kremu \u015bmietankowego, posypane czekolad\u0105 i chipsem marchewkowym, zapakowane w box z pi\u0119kn\u0105 wst\u0105\u017cka idealne na prezent.<\/p>\n<p><strong>Sk\u0142ad:<\/strong><br \/>\nm\u0105ka: ziemniaczana, kukurydziana, ry\u017cowa, kakao, olej rzepakowy, erytrytol, jaja, marchew, \u015bmietanka, serek mascarpone, orzechy laskowe pra\u017cone, daktyle, soda, cynamon, przyprawa do piernika\/korzenna, wanilia, orzechy w\u0142oskie<\/p>\n<p><strong>Warto\u015bci od\u017cywcze:<\/strong><br \/>\nBabeczka \u2013 1 szt &#8211; 675,4 kcal; 12g bia\u0142ka; 52,7 t\u0142uszcze;41,6 g w\u0119glowodany<\/p>\n<p><i>Informacja o alergenach &#8211; Produkt mo\u017ce zawiera\u0107 gluten, jaja, orzeszki ziemne, orzechy, soja, mleko, sezam, kakao.<\/i><\/p>\n","protected":false},"excerpt":{"rendered":"<h2><a href=\"https:\/\/niejestemzcukru.pl\/sklep\/wp-content\/uploads\/2022\/03\/pasek-15.png\"><img decoding=\"async\" class=\"aligncenter size-full wp-image-1322\" src=\"https:\/\/niejestemzcukru.pl\/sklep\/wp-content\/uploads\/2022\/03\/pasek-15.png\" alt=\"\" width=\"1920\" height=\"15\" srcset=\"https:\/\/niejestemzcukru.pl\/sklep\/wp-content\/uploads\/2022\/03\/pasek-15.png 1920w, https:\/\/niejestemzcukru.pl\/sklep\/wp-content\/uploads\/2022\/03\/pasek-15-300x2.png 300w, https:\/\/niejestemzcukru.pl\/sklep\/wp-content\/uploads\/2022\/03\/pasek-15-1024x8.png 1024w, https:\/\/niejestemzcukru.pl\/sklep\/wp-content\/uploads\/2022\/03\/pasek-15-768x6.png 768w, https:\/\/niejestemzcukru.pl\/sklep\/wp-content\/uploads\/2022\/03\/pasek-15-1536x12.png 1536w, https:\/\/niejestemzcukru.pl\/sklep\/wp-content\/uploads\/2022\/03\/pasek-15-600x5.png 600w\" sizes=\"(max-width: 1920px) 100vw, 1920px\" \/><\/a><\/h2>\n<h2><strong>6 Sztuk<\/strong><\/h2>\n<p>Pyszne puszyste babeczki w rozmiarze xl o smaku marchewkowym z kremem i czekolad\u0105. Przykryte puszyst\u0105 chmurk\u0105 z kremu \u015bmietankowego, posypane czekolad\u0105 i chipsem marchewkowym, zapakowane w box z pi\u0119kn\u0105 wst\u0105\u017cka idealne na prezent.<\/p>\n<p><a href=\"https:\/\/niejestemzcukru.pl\/sklep\/wp-content\/uploads\/2021\/10\/bez-glutenu.png\"><img decoding=\"async\" class=\"wp-image-1360 size-full alignleft\" src=\"https:\/\/niejestemzcukru.pl\/sklep\/wp-content\/uploads\/2021\/10\/bez-glutenu.png\" alt=\"\" width=\"29\" height=\"29\" \/><\/a>Bez dodatku glutenu*<\/p>\n<p><a href=\"https:\/\/niejestemzcukru.pl\/sklep\/wp-content\/uploads\/2021\/10\/bez-cukru.png\"><img decoding=\"async\" class=\"wp-image-1359 size-full alignleft\" src=\"https:\/\/niejestemzcukru.pl\/sklep\/wp-content\/uploads\/2021\/10\/bez-cukru.png\" alt=\"\" width=\"29\" height=\"29\" \/><\/a>Bez dodatku cukru<\/p>\n<p><a href=\"https:\/\/niejestemzcukru.pl\/sklep\/wp-content\/uploads\/2021\/10\/bez-cukru.png\"><img decoding=\"async\" class=\"wp-image-1359 size-full alignleft\" src=\"https:\/\/niejestemzcukru.pl\/sklep\/wp-content\/uploads\/2021\/10\/bez-cukru.png\" alt=\"\" width=\"29\" height=\"29\" \/><\/a>Bez dodatku bia\u0142ego cukru<\/p>\n<p>* Produkt przygotowywany w pracowni, w kt\u00f3rej powstaj\u0105  r\u00f3wnie\u017c wypieki zawieraj\u0105ce gluten \u2013 mo\u017cliwe zanieczyszczenia krzy\u017cowe. Produkt bez dodatku glutenu, jednak mo\u017ce zawiera\u0107 jego \u015bladowe ilo\u015bci<\/p>\n<p><em>Dekoracja babeczek pogl\u0105dowa, efekt finalny mo\u017ce r\u00f3\u017cni\u0107 si\u0119 od tego na zdj\u0119ciu<\/em><\/p>\n<p><em>Je\u017celi masz nietolerancj\u0119 lub chcesz podmieni\u0107 jaki\u015b sk\u0142adnik, skontaktuj si\u0119 z nami w celu ustalenia czy b\u0119dzie to mo\u017cliwe. Ka\u017cda zmiana jest dodatkowo p\u0142atna, ze wzgl\u0119du na r\u00f3\u017cnorodno\u015b\u0107 cen sk\u0142adnik\u00f3w niezb\u0119dna wycena indywidualna. <\/em><\/p>\n","protected":false},"featured_media":2134,"template":"","meta":{"_acf_changed":false,"ocean_post_layout":"full-width","ocean_both_sidebars_style":"","ocean_both_sidebars_content_width":0,"ocean_both_sidebars_sidebars_width":0,"ocean_sidebar":"0","ocean_second_sidebar":"0","ocean_disable_margins":"enable","ocean_add_body_class":"","ocean_shortcode_before_top_bar":"","ocean_shortcode_after_top_bar":"","ocean_shortcode_before_header":"","ocean_shortcode_after_header":"","ocean_has_shortcode":"","ocean_shortcode_after_title":"","ocean_shortcode_before_footer_widgets":"","ocean_shortcode_after_footer_widgets":"","ocean_shortcode_before_footer_bottom":"","ocean_shortcode_after_footer_bottom":"","ocean_display_top_bar":"default","ocean_display_header":"default","ocean_header_style":"","ocean_center_header_left_menu":"0","ocean_custom_header_template":"0","ocean_custom_logo":0,"ocean_custom_retina_logo":0,"ocean_custom_logo_max_width":0,"ocean_custom_logo_tablet_max_width":0,"ocean_custom_logo_mobile_max_width":0,"ocean_custom_logo_max_height":0,"ocean_custom_logo_tablet_max_height":0,"ocean_custom_logo_mobile_max_height":0,"ocean_header_custom_menu":"0","ocean_menu_typo_font_family":"0","ocean_menu_typo_font_subset":"","ocean_menu_typo_font_size":0,"ocean_menu_typo_font_size_tablet":0,"ocean_menu_typo_font_size_mobile":0,"ocean_menu_typo_font_size_unit":"px","ocean_menu_typo_font_weight":"","ocean_menu_typo_font_weight_tablet":"","ocean_menu_typo_font_weight_mobile":"","ocean_menu_typo_transform":"","ocean_menu_typo_transform_tablet":"","ocean_menu_typo_transform_mobile":"","ocean_menu_typo_line_height":0,"ocean_menu_typo_line_height_tablet":0,"ocean_menu_typo_line_height_mobile":0,"ocean_menu_typo_line_height_unit":"","ocean_menu_typo_spacing":0,"ocean_menu_typo_spacing_tablet":0,"ocean_menu_typo_spacing_mobile":0,"ocean_menu_typo_spacing_unit":"","ocean_menu_link_color":"","ocean_menu_link_color_hover":"","ocean_menu_link_color_active":"","ocean_menu_link_background":"","ocean_menu_link_hover_background":"","ocean_menu_link_active_background":"","ocean_menu_social_links_bg":"","ocean_menu_social_hover_links_bg":"","ocean_menu_social_links_color":"","ocean_menu_social_hover_links_color":"","ocean_disable_title":"on","ocean_disable_heading":"default","ocean_post_title":"","ocean_post_subheading":"","ocean_post_title_style":"","ocean_post_title_background_color":"","ocean_post_title_background":0,"ocean_post_title_bg_image_position":"","ocean_post_title_bg_image_attachment":"","ocean_post_title_bg_image_repeat":"","ocean_post_title_bg_image_size":"","ocean_post_title_height":0,"ocean_post_title_bg_overlay":0.5,"ocean_post_title_bg_overlay_color":"","ocean_disable_breadcrumbs":"off","ocean_breadcrumbs_color":"","ocean_breadcrumbs_separator_color":"","ocean_breadcrumbs_links_color":"","ocean_breadcrumbs_links_hover_color":"","ocean_display_footer_widgets":"default","ocean_display_footer_bottom":"default","ocean_custom_footer_template":"0"},"product_brand":[],"product_cat":[26,93,83],"product_tag":[137],"class_list":{"0":"post-2088","1":"product","2":"type-product","3":"status-publish","4":"has-post-thumbnail","6":"product_cat-babeczki","7":"product_cat-bezy-i-babeczki","8":"product_cat-slodycze-bez-cukru","9":"product_tag-st","11":"entry","12":"has-media","14":"first","15":"instock","16":"taxable","17":"shipping-taxable","18":"purchasable","19":"product-type-simple","20":"has-product-nav","21":"col","22":"span_1_of_3","23":"owp-content-center","24":"owp-thumbs-layout-horizontal","25":"owp-btn-normal","26":"owp-tabs-layout-horizontal","27":"has-no-thumbnails"},"acf":[],"yoast_head":"<!-- This site is optimized with the Yoast SEO plugin v27.3 - https:\/\/yoast.com\/product\/yoast-seo-wordpress\/ -->\n<title>Babeczki marchewkowe 6 szt. - Warszawa - SKLEP - Nie Jestem Z Cukru<\/title>\n<meta name=\"robots\" content=\"index, follow, max-snippet:-1, max-image-preview:large, max-video-preview:-1\" \/>\n<link rel=\"canonical\" href=\"https:\/\/niejestemzcukru.pl\/sklep\/produkt\/babeczki-marchewkowe\/\" \/>\n<meta property=\"og:locale\" content=\"pl_PL\" \/>\n<meta property=\"og:type\" content=\"article\" \/>\n<meta property=\"og:title\" content=\"Babeczki marchewkowe 6 szt. - Warszawa - SKLEP - Nie Jestem Z Cukru\" \/>\n<meta property=\"og:description\" content=\"6 Sztuk Pyszne puszyste babeczki w rozmiarze xl o smaku marchewkowym z kremem i czekolad\u0105. Przykryte puszyst\u0105 chmurk\u0105 z kremu \u015bmietankowego, posypane czekolad\u0105 i chipsem marchewkowym, zapakowane w box z pi\u0119kn\u0105 wst\u0105\u017cka idealne na prezent.  Bez dodatku glutenu*  Bez dodatku cukru  Bez dodatku bia\u0142ego cukru  * Produkt przygotowywany w pracowni, w kt\u00f3rej powstaj\u0105 r\u00f3wnie\u017c wypieki zawieraj\u0105ce gluten \u2013 mo\u017cliwe zanieczyszczenia krzy\u017cowe. Produkt bez dodatku glutenu, jednak mo\u017ce zawiera\u0107 jego \u015bladowe ilo\u015bci  Dekoracja babeczek pogl\u0105dowa, efekt finalny mo\u017ce r\u00f3\u017cni\u0107 si\u0119 od tego na zdj\u0119ciu  Je\u017celi masz nietolerancj\u0119 lub chcesz podmieni\u0107 jaki\u015b sk\u0142adnik, skontaktuj si\u0119 z nami w celu ustalenia czy b\u0119dzie to mo\u017cliwe. Ka\u017cda zmiana jest dodatkowo p\u0142atna, ze wzgl\u0119du na r\u00f3\u017cnorodno\u015b\u0107 cen sk\u0142adnik\u00f3w niezb\u0119dna wycena indywidualna.\" \/>\n<meta property=\"og:url\" content=\"https:\/\/niejestemzcukru.pl\/sklep\/produkt\/babeczki-marchewkowe\/\" \/>\n<meta property=\"og:site_name\" content=\"SKLEP - Nie Jestem Z Cukru\" \/>\n<meta property=\"article:modified_time\" content=\"2026-02-12T12:51:10+00:00\" \/>\n<meta property=\"og:image\" content=\"https:\/\/niejestemzcukru.pl\/sklep\/wp-content\/uploads\/2023\/01\/www_babeczka-marchewkowa_bezcukru.jpg\" \/>\n\t<meta property=\"og:image:width\" content=\"876\" \/>\n\t<meta property=\"og:image:height\" content=\"876\" \/>\n\t<meta property=\"og:image:type\" content=\"image\/jpeg\" \/>\n<meta name=\"twitter:card\" content=\"summary_large_image\" \/>\n<meta name=\"twitter:label1\" content=\"Szacowany czas czytania\" \/>\n\t<meta name=\"twitter:data1\" content=\"1 minuta\" \/>\n<script type=\"application\/ld+json\" class=\"yoast-schema-graph\">{\"@context\":\"https:\\\/\\\/schema.org\",\"@graph\":[{\"@type\":\"WebPage\",\"@id\":\"https:\\\/\\\/niejestemzcukru.pl\\\/sklep\\\/produkt\\\/babeczki-marchewkowe\\\/\",\"url\":\"https:\\\/\\\/niejestemzcukru.pl\\\/sklep\\\/produkt\\\/babeczki-marchewkowe\\\/\",\"name\":\"Babeczki marchewkowe 6 szt. - Warszawa - SKLEP - Nie Jestem Z Cukru\",\"isPartOf\":{\"@id\":\"https:\\\/\\\/niejestemzcukru.pl\\\/sklep\\\/#website\"},\"primaryImageOfPage\":{\"@id\":\"https:\\\/\\\/niejestemzcukru.pl\\\/sklep\\\/produkt\\\/babeczki-marchewkowe\\\/#primaryimage\"},\"image\":{\"@id\":\"https:\\\/\\\/niejestemzcukru.pl\\\/sklep\\\/produkt\\\/babeczki-marchewkowe\\\/#primaryimage\"},\"thumbnailUrl\":\"https:\\\/\\\/niejestemzcukru.pl\\\/sklep\\\/wp-content\\\/uploads\\\/2023\\\/01\\\/www_babeczka-marchewkowa_bezcukru.jpg\",\"datePublished\":\"2023-01-02T15:45:13+00:00\",\"dateModified\":\"2026-02-12T12:51:10+00:00\",\"breadcrumb\":{\"@id\":\"https:\\\/\\\/niejestemzcukru.pl\\\/sklep\\\/produkt\\\/babeczki-marchewkowe\\\/#breadcrumb\"},\"inLanguage\":\"pl-PL\",\"potentialAction\":[{\"@type\":\"ReadAction\",\"target\":[\"https:\\\/\\\/niejestemzcukru.pl\\\/sklep\\\/produkt\\\/babeczki-marchewkowe\\\/\"]}]},{\"@type\":\"ImageObject\",\"inLanguage\":\"pl-PL\",\"@id\":\"https:\\\/\\\/niejestemzcukru.pl\\\/sklep\\\/produkt\\\/babeczki-marchewkowe\\\/#primaryimage\",\"url\":\"https:\\\/\\\/niejestemzcukru.pl\\\/sklep\\\/wp-content\\\/uploads\\\/2023\\\/01\\\/www_babeczka-marchewkowa_bezcukru.jpg\",\"contentUrl\":\"https:\\\/\\\/niejestemzcukru.pl\\\/sklep\\\/wp-content\\\/uploads\\\/2023\\\/01\\\/www_babeczka-marchewkowa_bezcukru.jpg\",\"width\":876,\"height\":876},{\"@type\":\"BreadcrumbList\",\"@id\":\"https:\\\/\\\/niejestemzcukru.pl\\\/sklep\\\/produkt\\\/babeczki-marchewkowe\\\/#breadcrumb\",\"itemListElement\":[{\"@type\":\"ListItem\",\"position\":1,\"name\":\"Strona g\u0142\u00f3wna\",\"item\":\"https:\\\/\\\/niejestemzcukru.pl\\\/sklep\\\/\"},{\"@type\":\"ListItem\",\"position\":2,\"name\":\"Sklep\",\"item\":\"https:\\\/\\\/niejestemzcukru.pl\\\/sklep\\\/sklep\\\/\"},{\"@type\":\"ListItem\",\"position\":3,\"name\":\"Babeczki marchewkowe 6 szt.\"}]},{\"@type\":\"WebSite\",\"@id\":\"https:\\\/\\\/niejestemzcukru.pl\\\/sklep\\\/#website\",\"url\":\"https:\\\/\\\/niejestemzcukru.pl\\\/sklep\\\/\",\"name\":\"SKLEP - Nie Jestem Z Cukru\",\"description\":\"Wypieki bez cukru na zam\u00f3wienie\",\"publisher\":{\"@id\":\"https:\\\/\\\/niejestemzcukru.pl\\\/sklep\\\/#organization\"},\"potentialAction\":[{\"@type\":\"SearchAction\",\"target\":{\"@type\":\"EntryPoint\",\"urlTemplate\":\"https:\\\/\\\/niejestemzcukru.pl\\\/sklep\\\/?s={search_term_string}\"},\"query-input\":{\"@type\":\"PropertyValueSpecification\",\"valueRequired\":true,\"valueName\":\"search_term_string\"}}],\"inLanguage\":\"pl-PL\"},{\"@type\":\"Organization\",\"@id\":\"https:\\\/\\\/niejestemzcukru.pl\\\/sklep\\\/#organization\",\"name\":\"SKLEP - Nie Jestem Z Cukru\",\"url\":\"https:\\\/\\\/niejestemzcukru.pl\\\/sklep\\\/\",\"logo\":{\"@type\":\"ImageObject\",\"inLanguage\":\"pl-PL\",\"@id\":\"https:\\\/\\\/niejestemzcukru.pl\\\/sklep\\\/#\\\/schema\\\/logo\\\/image\\\/\",\"url\":\"https:\\\/\\\/niejestemzcukru.pl\\\/sklep\\\/wp-content\\\/uploads\\\/2022\\\/03\\\/cropped-cropped-logo-512-1.png\",\"contentUrl\":\"https:\\\/\\\/niejestemzcukru.pl\\\/sklep\\\/wp-content\\\/uploads\\\/2022\\\/03\\\/cropped-cropped-logo-512-1.png\",\"width\":512,\"height\":512,\"caption\":\"SKLEP - Nie Jestem Z Cukru\"},\"image\":{\"@id\":\"https:\\\/\\\/niejestemzcukru.pl\\\/sklep\\\/#\\\/schema\\\/logo\\\/image\\\/\"}}]}<\/script>\n<!-- \/ Yoast SEO plugin. -->","yoast_head_json":{"title":"Babeczki marchewkowe 6 szt. - Warszawa - SKLEP - Nie Jestem Z Cukru","robots":{"index":"index","follow":"follow","max-snippet":"max-snippet:-1","max-image-preview":"max-image-preview:large","max-video-preview":"max-video-preview:-1"},"canonical":"https:\/\/niejestemzcukru.pl\/sklep\/produkt\/babeczki-marchewkowe\/","og_locale":"pl_PL","og_type":"article","og_title":"Babeczki marchewkowe 6 szt. - Warszawa - SKLEP - Nie Jestem Z Cukru","og_description":"6 Sztuk Pyszne puszyste babeczki w rozmiarze xl o smaku marchewkowym z kremem i czekolad\u0105. Przykryte puszyst\u0105 chmurk\u0105 z kremu \u015bmietankowego, posypane czekolad\u0105 i chipsem marchewkowym, zapakowane w box z pi\u0119kn\u0105 wst\u0105\u017cka idealne na prezent.  Bez dodatku glutenu*  Bez dodatku cukru  Bez dodatku bia\u0142ego cukru  * Produkt przygotowywany w pracowni, w kt\u00f3rej powstaj\u0105 r\u00f3wnie\u017c wypieki zawieraj\u0105ce gluten \u2013 mo\u017cliwe zanieczyszczenia krzy\u017cowe. Produkt bez dodatku glutenu, jednak mo\u017ce zawiera\u0107 jego \u015bladowe ilo\u015bci  Dekoracja babeczek pogl\u0105dowa, efekt finalny mo\u017ce r\u00f3\u017cni\u0107 si\u0119 od tego na zdj\u0119ciu  Je\u017celi masz nietolerancj\u0119 lub chcesz podmieni\u0107 jaki\u015b sk\u0142adnik, skontaktuj si\u0119 z nami w celu ustalenia czy b\u0119dzie to mo\u017cliwe. Ka\u017cda zmiana jest dodatkowo p\u0142atna, ze wzgl\u0119du na r\u00f3\u017cnorodno\u015b\u0107 cen sk\u0142adnik\u00f3w niezb\u0119dna wycena indywidualna.","og_url":"https:\/\/niejestemzcukru.pl\/sklep\/produkt\/babeczki-marchewkowe\/","og_site_name":"SKLEP - Nie Jestem Z Cukru","article_modified_time":"2026-02-12T12:51:10+00:00","og_image":[{"width":876,"height":876,"url":"https:\/\/niejestemzcukru.pl\/sklep\/wp-content\/uploads\/2023\/01\/www_babeczka-marchewkowa_bezcukru.jpg","type":"image\/jpeg"}],"twitter_card":"summary_large_image","twitter_misc":{"Szacowany czas czytania":"1 minuta"},"schema":{"@context":"https:\/\/schema.org","@graph":[{"@type":"WebPage","@id":"https:\/\/niejestemzcukru.pl\/sklep\/produkt\/babeczki-marchewkowe\/","url":"https:\/\/niejestemzcukru.pl\/sklep\/produkt\/babeczki-marchewkowe\/","name":"Babeczki marchewkowe 6 szt. - Warszawa - SKLEP - Nie Jestem Z Cukru","isPartOf":{"@id":"https:\/\/niejestemzcukru.pl\/sklep\/#website"},"primaryImageOfPage":{"@id":"https:\/\/niejestemzcukru.pl\/sklep\/produkt\/babeczki-marchewkowe\/#primaryimage"},"image":{"@id":"https:\/\/niejestemzcukru.pl\/sklep\/produkt\/babeczki-marchewkowe\/#primaryimage"},"thumbnailUrl":"https:\/\/niejestemzcukru.pl\/sklep\/wp-content\/uploads\/2023\/01\/www_babeczka-marchewkowa_bezcukru.jpg","datePublished":"2023-01-02T15:45:13+00:00","dateModified":"2026-02-12T12:51:10+00:00","breadcrumb":{"@id":"https:\/\/niejestemzcukru.pl\/sklep\/produkt\/babeczki-marchewkowe\/#breadcrumb"},"inLanguage":"pl-PL","potentialAction":[{"@type":"ReadAction","target":["https:\/\/niejestemzcukru.pl\/sklep\/produkt\/babeczki-marchewkowe\/"]}]},{"@type":"ImageObject","inLanguage":"pl-PL","@id":"https:\/\/niejestemzcukru.pl\/sklep\/produkt\/babeczki-marchewkowe\/#primaryimage","url":"https:\/\/niejestemzcukru.pl\/sklep\/wp-content\/uploads\/2023\/01\/www_babeczka-marchewkowa_bezcukru.jpg","contentUrl":"https:\/\/niejestemzcukru.pl\/sklep\/wp-content\/uploads\/2023\/01\/www_babeczka-marchewkowa_bezcukru.jpg","width":876,"height":876},{"@type":"BreadcrumbList","@id":"https:\/\/niejestemzcukru.pl\/sklep\/produkt\/babeczki-marchewkowe\/#breadcrumb","itemListElement":[{"@type":"ListItem","position":1,"name":"Strona g\u0142\u00f3wna","item":"https:\/\/niejestemzcukru.pl\/sklep\/"},{"@type":"ListItem","position":2,"name":"Sklep","item":"https:\/\/niejestemzcukru.pl\/sklep\/sklep\/"},{"@type":"ListItem","position":3,"name":"Babeczki marchewkowe 6 szt."}]},{"@type":"WebSite","@id":"https:\/\/niejestemzcukru.pl\/sklep\/#website","url":"https:\/\/niejestemzcukru.pl\/sklep\/","name":"SKLEP - Nie Jestem Z Cukru","description":"Wypieki bez cukru na zam\u00f3wienie","publisher":{"@id":"https:\/\/niejestemzcukru.pl\/sklep\/#organization"},"potentialAction":[{"@type":"SearchAction","target":{"@type":"EntryPoint","urlTemplate":"https:\/\/niejestemzcukru.pl\/sklep\/?s={search_term_string}"},"query-input":{"@type":"PropertyValueSpecification","valueRequired":true,"valueName":"search_term_string"}}],"inLanguage":"pl-PL"},{"@type":"Organization","@id":"https:\/\/niejestemzcukru.pl\/sklep\/#organization","name":"SKLEP - Nie Jestem Z Cukru","url":"https:\/\/niejestemzcukru.pl\/sklep\/","logo":{"@type":"ImageObject","inLanguage":"pl-PL","@id":"https:\/\/niejestemzcukru.pl\/sklep\/#\/schema\/logo\/image\/","url":"https:\/\/niejestemzcukru.pl\/sklep\/wp-content\/uploads\/2022\/03\/cropped-cropped-logo-512-1.png","contentUrl":"https:\/\/niejestemzcukru.pl\/sklep\/wp-content\/uploads\/2022\/03\/cropped-cropped-logo-512-1.png","width":512,"height":512,"caption":"SKLEP - Nie Jestem Z Cukru"},"image":{"@id":"https:\/\/niejestemzcukru.pl\/sklep\/#\/schema\/logo\/image\/"}}]}},"_links":{"self":[{"href":"https:\/\/niejestemzcukru.pl\/sklep\/wp-json\/wp\/v2\/product\/2088","targetHints":{"allow":["GET"]}}],"collection":[{"href":"https:\/\/niejestemzcukru.pl\/sklep\/wp-json\/wp\/v2\/product"}],"about":[{"href":"https:\/\/niejestemzcukru.pl\/sklep\/wp-json\/wp\/v2\/types\/product"}],"wp:featuredmedia":[{"embeddable":true,"href":"https:\/\/niejestemzcukru.pl\/sklep\/wp-json\/wp\/v2\/media\/2134"}],"wp:attachment":[{"href":"https:\/\/niejestemzcukru.pl\/sklep\/wp-json\/wp\/v2\/media?parent=2088"}],"wp:term":[{"taxonomy":"product_brand","embeddable":true,"href":"https:\/\/niejestemzcukru.pl\/sklep\/wp-json\/wp\/v2\/product_brand?post=2088"},{"taxonomy":"product_cat","embeddable":true,"href":"https:\/\/niejestemzcukru.pl\/sklep\/wp-json\/wp\/v2\/product_cat?post=2088"},{"taxonomy":"product_tag","embeddable":true,"href":"https:\/\/niejestemzcukru.pl\/sklep\/wp-json\/wp\/v2\/product_tag?post=2088"}],"curies":[{"name":"wp","href":"https:\/\/api.w.org\/{rel}","templated":true}]}}